{"id":70631,"date":"2025-06-23T14:05:43","date_gmt":"2025-06-23T12:05:43","guid":{"rendered":"http:\/\/localhost:8080\/prodotto\/adelseck-riesling-alte-reben-nahe-bianco-2023-vino-fermo-2\/"},"modified":"2025-10-10T15:41:37","modified_gmt":"2025-10-10T13:41:37","slug":"adelseck-riesling-alte-reben-nahe-bianco-2023-vino-fermo-2","status":"publish","type":"product","link":"https:\/\/lacantinettaweb.com\/de\/prodotto\/adelseck-riesling-alte-reben-nahe-bianco-2023-vino-fermo-2\/","title":{"rendered":"Adelseck Riesling Alte Reben Nahe Bianco 2023 Vino Fermo"},"content":{"rendered":"<p>Der 2023 RIESLING Alte Reben Tappo Vite von ADELSECK ist ein trockener Wei\u00dfwein aus der Region Nahe, einer der interessantesten Weinbaugebiete Deutschlands. Dieser Riesling stammt von Weinbergen, die auf porphyrischen B\u00f6den mit S\u00fcdwestlage und einer H\u00f6he von 80 Metern \u00fcber dem Meeresspiegel liegen, was dem Wein einen charakteristischen Charakter und eine einzigartige mineralische F\u00fclle verleiht. Jahrgang: 2023 Alkoholgehalt: 12,5 % Weingut: Sistema traliccio VSP Lese\/Jahrgang: Manuelle Ernte in Kisten mit Selektion im Weinberg Anfang November Organoleptische Noten: Er zeigt die charakteristischen Sortenmerkmale des Rieslings, ist voll und k\u00f6rperreich mit deutlichen mineralischen Ankl\u00e4ngen Boden: Porfirisch Weinberg: Laubenheimer Karthuser 1 ha &#8211; 3500 Reben\/ha &#8211; Pflanzabstand 1,50&#215;0,70 &#8211; H\u00f6he 80 m \u00fc.NN &#8211; S\u00fcdwestlage Vinifikation\/Reifung: In Edelstahltanks bei niedriger Temperatur Ertrag pro Hektar: 20 q.li\/ha Ein Wein, der sich durch seine Komplexit\u00e4t und Frische auszeichnet, ideal f\u00fcr diejenigen, die die typischen Nuancen des Rieslings aus Nahe erkunden m\u00f6chten. Perfekt zum Genie\u00dfen in Kombination mit Fischgerichten oder weichen K\u00e4sesorten, ist er eine ausgezeichnete Wahl, um das eigene Weinsortiment mit einem Qualit\u00e4tsetikett zu bereichern.<\/p>\n","protected":false},"excerpt":{"rendered":"<p>Der 2023 RIESLING Alte Reben Tappo Vite von ADELSECK ist ein trockener Wei\u00dfwein aus der Region Nahe, einer der interessantesten Weinbaugebiete Deutschlands. Dieser Riesling stammt von Weinbergen, die auf porphyrischen B\u00f6den mit S\u00fcdwestlage und einer H\u00f6he von&#8230;<\/p>\n","protected":false},"featured_media":60429,"comment_status":"closed","ping_status":"closed","template":"","meta":{"_acf_changed":false},"product_brand":[1097],"product_cat":[3170,3221,3102],"product_tag":[],"class_list":["post-70631","product","type-product","status-publish","has-post-thumbnail","product_brand-adelseck","product_cat-nahe","product_cat-stillwein","product_cat-weis","first","instock","taxable","shipping-taxable","purchasable","product-type-simple"],"acf":[],"yoast_head":"<!-- This site is optimized with the Yoast SEO plugin v28.4 - https:\/\/yoast.com\/product\/yoast-seo-wordpress\/ -->\n<title>Adelseck Riesling Alte Reben Nahe Bianco 2023 Vino Fermo - La Cantinetta Web<\/title>\n<meta name=\"robots\" content=\"index, follow, max-snippet:-1, max-image-preview:large, max-video-preview:-1\" \/>\n<link rel=\"canonical\" href=\"https:\/\/lacantinettaweb.com\/prodotto\/adelseck-riesling-alte-reben-nahe-bianco-2023-vino-fermo\/\" \/>\n<meta property=\"og:locale\" content=\"de_DE\" \/>\n<meta property=\"og:type\" content=\"article\" \/>\n<meta property=\"og:title\" content=\"Adelseck Riesling Alte Reben Nahe Bianco 2023 Vino Fermo - La Cantinetta Web\" \/>\n<meta property=\"og:description\" content=\"Der 2023 RIESLING Alte Reben Tappo Vite von ADELSECK ist ein trockener Wei\u00dfwein aus der Region Nahe, einer der interessantesten Weinbaugebiete Deutschlands. Dieser Riesling stammt von Weinbergen, die auf porphyrischen B\u00f6den mit S\u00fcdwestlage und einer H\u00f6he von...\" \/>\n<meta property=\"og:url\" content=\"https:\/\/lacantinettaweb.com\/prodotto\/adelseck-riesling-alte-reben-nahe-bianco-2023-vino-fermo\/\" \/>\n<meta property=\"og:site_name\" content=\"La Cantinetta Web\" \/>\n<meta property=\"article:modified_time\" content=\"2025-10-10T13:41:37+00:00\" \/>\n<meta property=\"og:image\" content=\"https:\/\/lacantinettaweb.com\/wp-content\/uploads\/2025\/10\/VEGEADERIS23.jpg\" \/>\n\t<meta property=\"og:image:width\" content=\"800\" \/>\n\t<meta property=\"og:image:height\" content=\"976\" \/>\n\t<meta property=\"og:image:type\" content=\"image\/jpeg\" \/>\n<meta name=\"twitter:card\" content=\"summary_large_image\" \/>\n<meta name=\"twitter:label1\" content=\"Gesch\u00e4tzte Lesezeit\" \/>\n\t<meta name=\"twitter:data1\" content=\"1\u00a0Minute\" \/>\n<script type=\"application\/ld+json\" class=\"yoast-schema-graph\">{\"@context\":\"https:\\\/\\\/schema.org\",\"@graph\":[{\"@type\":\"WebPage\",\"@id\":\"https:\\\/\\\/lacantinettaweb.com\\\/prodotto\\\/adelseck-riesling-alte-reben-nahe-bianco-2023-vino-fermo\\\/\",\"url\":\"https:\\\/\\\/lacantinettaweb.com\\\/prodotto\\\/adelseck-riesling-alte-reben-nahe-bianco-2023-vino-fermo\\\/\",\"name\":\"Adelseck Riesling Alte Reben Nahe Bianco 2023 Vino Fermo - La Cantinetta Web\",\"isPartOf\":{\"@id\":\"https:\\\/\\\/lacantinettaweb.com\\\/#website\"},\"primaryImageOfPage\":{\"@id\":\"https:\\\/\\\/lacantinettaweb.com\\\/prodotto\\\/adelseck-riesling-alte-reben-nahe-bianco-2023-vino-fermo\\\/#primaryimage\"},\"image\":{\"@id\":\"https:\\\/\\\/lacantinettaweb.com\\\/prodotto\\\/adelseck-riesling-alte-reben-nahe-bianco-2023-vino-fermo\\\/#primaryimage\"},\"thumbnailUrl\":\"https:\\\/\\\/lacantinettaweb.com\\\/wp-content\\\/uploads\\\/2025\\\/10\\\/VEGEADERIS23.jpg\",\"datePublished\":\"2025-06-23T12:05:43+00:00\",\"dateModified\":\"2025-10-10T13:41:37+00:00\",\"breadcrumb\":{\"@id\":\"https:\\\/\\\/lacantinettaweb.com\\\/prodotto\\\/adelseck-riesling-alte-reben-nahe-bianco-2023-vino-fermo\\\/#breadcrumb\"},\"inLanguage\":\"de\",\"potentialAction\":[{\"@type\":\"ReadAction\",\"target\":[\"https:\\\/\\\/lacantinettaweb.com\\\/prodotto\\\/adelseck-riesling-alte-reben-nahe-bianco-2023-vino-fermo\\\/\"]}]},{\"@type\":\"ImageObject\",\"inLanguage\":\"de\",\"@id\":\"https:\\\/\\\/lacantinettaweb.com\\\/prodotto\\\/adelseck-riesling-alte-reben-nahe-bianco-2023-vino-fermo\\\/#primaryimage\",\"url\":\"https:\\\/\\\/lacantinettaweb.com\\\/wp-content\\\/uploads\\\/2025\\\/10\\\/VEGEADERIS23.jpg\",\"contentUrl\":\"https:\\\/\\\/lacantinettaweb.com\\\/wp-content\\\/uploads\\\/2025\\\/10\\\/VEGEADERIS23.jpg\",\"width\":800,\"height\":976},{\"@type\":\"BreadcrumbList\",\"@id\":\"https:\\\/\\\/lacantinettaweb.com\\\/prodotto\\\/adelseck-riesling-alte-reben-nahe-bianco-2023-vino-fermo\\\/#breadcrumb\",\"itemListElement\":[{\"@type\":\"ListItem\",\"position\":1,\"name\":\"Home\",\"item\":\"https:\\\/\\\/lacantinettaweb.com\\\/\"},{\"@type\":\"ListItem\",\"position\":2,\"name\":\"Gesch\u00e4ft\",\"item\":\"https:\\\/\\\/lacantinettaweb.com\\\/shop\\\/\"},{\"@type\":\"ListItem\",\"position\":3,\"name\":\"Adelseck Riesling Alte Reben Nahe Bianco 2023 Vino Fermo\"}]},{\"@type\":\"WebSite\",\"@id\":\"https:\\\/\\\/lacantinettaweb.com\\\/#website\",\"url\":\"https:\\\/\\\/lacantinettaweb.com\\\/\",\"name\":\"La Cantinetta Web\",\"description\":\"Enoteca online\",\"potentialAction\":[{\"@type\":\"SearchAction\",\"target\":{\"@type\":\"EntryPoint\",\"urlTemplate\":\"https:\\\/\\\/lacantinettaweb.com\\\/?s={search_term_string}\"},\"query-input\":{\"@type\":\"PropertyValueSpecification\",\"valueRequired\":true,\"valueName\":\"search_term_string\"}}],\"inLanguage\":\"de\"}]}<\/script>\n<!-- \/ Yoast SEO plugin. -->","yoast_head_json":{"title":"Adelseck Riesling Alte Reben Nahe Bianco 2023 Vino Fermo - La Cantinetta Web","robots":{"index":"index","follow":"follow","max-snippet":"max-snippet:-1","max-image-preview":"max-image-preview:large","max-video-preview":"max-video-preview:-1"},"canonical":"https:\/\/lacantinettaweb.com\/prodotto\/adelseck-riesling-alte-reben-nahe-bianco-2023-vino-fermo\/","og_locale":"de_DE","og_type":"article","og_title":"Adelseck Riesling Alte Reben Nahe Bianco 2023 Vino Fermo - La Cantinetta Web","og_description":"Der 2023 RIESLING Alte Reben Tappo Vite von ADELSECK ist ein trockener Wei\u00dfwein aus der Region Nahe, einer der interessantesten Weinbaugebiete Deutschlands. Dieser Riesling stammt von Weinbergen, die auf porphyrischen B\u00f6den mit S\u00fcdwestlage und einer H\u00f6he von...","og_url":"https:\/\/lacantinettaweb.com\/prodotto\/adelseck-riesling-alte-reben-nahe-bianco-2023-vino-fermo\/","og_site_name":"La Cantinetta Web","article_modified_time":"2025-10-10T13:41:37+00:00","og_image":[{"width":800,"height":976,"url":"https:\/\/lacantinettaweb.com\/wp-content\/uploads\/2025\/10\/VEGEADERIS23.jpg","type":"image\/jpeg"}],"twitter_card":"summary_large_image","twitter_misc":{"Gesch\u00e4tzte Lesezeit":"1\u00a0Minute"},"schema":{"@context":"https:\/\/schema.org","@graph":[{"@type":"WebPage","@id":"https:\/\/lacantinettaweb.com\/prodotto\/adelseck-riesling-alte-reben-nahe-bianco-2023-vino-fermo\/","url":"https:\/\/lacantinettaweb.com\/prodotto\/adelseck-riesling-alte-reben-nahe-bianco-2023-vino-fermo\/","name":"Adelseck Riesling Alte Reben Nahe Bianco 2023 Vino Fermo - La Cantinetta Web","isPartOf":{"@id":"https:\/\/lacantinettaweb.com\/#website"},"primaryImageOfPage":{"@id":"https:\/\/lacantinettaweb.com\/prodotto\/adelseck-riesling-alte-reben-nahe-bianco-2023-vino-fermo\/#primaryimage"},"image":{"@id":"https:\/\/lacantinettaweb.com\/prodotto\/adelseck-riesling-alte-reben-nahe-bianco-2023-vino-fermo\/#primaryimage"},"thumbnailUrl":"https:\/\/lacantinettaweb.com\/wp-content\/uploads\/2025\/10\/VEGEADERIS23.jpg","datePublished":"2025-06-23T12:05:43+00:00","dateModified":"2025-10-10T13:41:37+00:00","breadcrumb":{"@id":"https:\/\/lacantinettaweb.com\/prodotto\/adelseck-riesling-alte-reben-nahe-bianco-2023-vino-fermo\/#breadcrumb"},"inLanguage":"de","potentialAction":[{"@type":"ReadAction","target":["https:\/\/lacantinettaweb.com\/prodotto\/adelseck-riesling-alte-reben-nahe-bianco-2023-vino-fermo\/"]}]},{"@type":"ImageObject","inLanguage":"de","@id":"https:\/\/lacantinettaweb.com\/prodotto\/adelseck-riesling-alte-reben-nahe-bianco-2023-vino-fermo\/#primaryimage","url":"https:\/\/lacantinettaweb.com\/wp-content\/uploads\/2025\/10\/VEGEADERIS23.jpg","contentUrl":"https:\/\/lacantinettaweb.com\/wp-content\/uploads\/2025\/10\/VEGEADERIS23.jpg","width":800,"height":976},{"@type":"BreadcrumbList","@id":"https:\/\/lacantinettaweb.com\/prodotto\/adelseck-riesling-alte-reben-nahe-bianco-2023-vino-fermo\/#breadcrumb","itemListElement":[{"@type":"ListItem","position":1,"name":"Home","item":"https:\/\/lacantinettaweb.com\/"},{"@type":"ListItem","position":2,"name":"Gesch\u00e4ft","item":"https:\/\/lacantinettaweb.com\/shop\/"},{"@type":"ListItem","position":3,"name":"Adelseck Riesling Alte Reben Nahe Bianco 2023 Vino Fermo"}]},{"@type":"WebSite","@id":"https:\/\/lacantinettaweb.com\/#website","url":"https:\/\/lacantinettaweb.com\/","name":"La Cantinetta Web","description":"Enoteca online","potentialAction":[{"@type":"SearchAction","target":{"@type":"EntryPoint","urlTemplate":"https:\/\/lacantinettaweb.com\/?s={search_term_string}"},"query-input":{"@type":"PropertyValueSpecification","valueRequired":true,"valueName":"search_term_string"}}],"inLanguage":"de"}]}},"_links":{"self":[{"href":"https:\/\/lacantinettaweb.com\/de\/wp-json\/wp\/v2\/product\/70631","targetHints":{"allow":["GET"]}}],"collection":[{"href":"https:\/\/lacantinettaweb.com\/de\/wp-json\/wp\/v2\/product"}],"about":[{"href":"https:\/\/lacantinettaweb.com\/de\/wp-json\/wp\/v2\/types\/product"}],"replies":[{"embeddable":true,"href":"https:\/\/lacantinettaweb.com\/de\/wp-json\/wp\/v2\/comments?post=70631"}],"wp:featuredmedia":[{"embeddable":true,"href":"https:\/\/lacantinettaweb.com\/de\/wp-json\/wp\/v2\/media\/60429"}],"wp:attachment":[{"href":"https:\/\/lacantinettaweb.com\/de\/wp-json\/wp\/v2\/media?parent=70631"}],"wp:term":[{"taxonomy":"product_brand","embeddable":true,"href":"https:\/\/lacantinettaweb.com\/de\/wp-json\/wp\/v2\/product_brand?post=70631"},{"taxonomy":"product_cat","embeddable":true,"href":"https:\/\/lacantinettaweb.com\/de\/wp-json\/wp\/v2\/product_cat?post=70631"},{"taxonomy":"product_tag","embeddable":true,"href":"https:\/\/lacantinettaweb.com\/de\/wp-json\/wp\/v2\/product_tag?post=70631"}],"curies":[{"name":"wp","href":"https:\/\/api.w.org\/{rel}","templated":true}]}}