{"id":100123,"date":"2025-06-23T14:46:49","date_gmt":"2025-06-23T12:46:49","guid":{"rendered":"https:\/\/lacantinettaweb.com\/prodotto\/credo-xarel-lo-bianco-alt-penedes-2020-vino-biologico-fermo-2\/"},"modified":"2026-08-05T14:41:15","modified_gmt":"2026-08-05T12:41:15","slug":"credo-xarel-lo-bianco-alt-penedes-2020-vino-biologico-fermo-2","status":"publish","type":"product","link":"https:\/\/lacantinettaweb.com\/es\/prodotto\/credo-xarel-lo-bianco-alt-penedes-2020-vino-biologico-fermo-2\/","title":{"rendered":"Credo Xarel-lo Blanco Alt Pened\u00e9s 2020 Vino Biol\u00f3gico Fermo"},"content":{"rendered":"<p>El FC 2020 XAREL-LO Aloers BIO* de CREDO es un vino blanco seco procedente del Alt Pened\u00e9s, una zona renombrada por su vocaci\u00f3n vit\u00edcola. Este vino biol\u00f3gico nace de uvas cultivadas en el vi\u00f1edo La Pedra Blanca, en suelos calc\u00e1reos, y se produce con fermentaci\u00f3n espont\u00e1nea y breve maceraci\u00f3n, expresi\u00f3n aut\u00e9ntica del territorio y de la bodega Guyot. A\u00f1ada: 2020 Grado alcoh\u00f3lico: 11.5% Bodega: Guyot Vendimia\/A\u00f1ada: Manual Nota organol\u00e9ptica: Vivo, fresco y capaz de madurar durante largo tiempo en botella Suelo: Calcareo Vi\u00f1edo: Vi\u00f1edo La Pedra Blanca, Alt Pened\u00e9s Vinificaci\u00f3n\/Afinamiento: Fermentaci\u00f3n espont\u00e1nea con breve maceraci\u00f3n Un vino de car\u00e1cter fresco y vivo, ideal para quienes buscan un producto biol\u00f3gico y de calidad del Alt Pened\u00e9s. Perfecto para degustar en diversas ocasiones, es una excelente elecci\u00f3n para enriquecer la propia bodega.<\/p>\n","protected":false},"excerpt":{"rendered":"<p>El FC 2020 XAREL-LO Aloers BIO* de CREDO es un vino blanco seco procedente del Alt Pened\u00e9s, una zona renombrada por su vocaci\u00f3n vit\u00edcola. Este vino biol\u00f3gico nace de uvas cultivadas en el vi\u00f1edo La Pedra Blanca, en suelos calc\u00e1reos, y&#8230;<\/p>\n","protected":false},"featured_media":60637,"comment_status":"closed","ping_status":"closed","template":"","meta":{"_acf_changed":false},"product_brand":[1236],"product_cat":[3431,3411,3406,3530],"product_tag":[],"class_list":["post-100123","product","type-product","status-publish","has-post-thumbnail","product_brand-credo","product_cat-alto-penedes","product_cat-blanco","product_cat-organico","product_cat-vino-tranquilo","first","instock","taxable","shipping-taxable","purchasable","product-type-simple"],"acf":[],"yoast_head":"<!-- This site is optimized with the Yoast SEO plugin v28.4 - https:\/\/yoast.com\/product\/yoast-seo-wordpress\/ -->\n<title>Credo Xarel-lo Blanco Alt Pened\u00e9s 2020 Vino Biol\u00f3gico Fermo - La Cantinetta Web<\/title>\n<meta name=\"robots\" content=\"index, follow, max-snippet:-1, max-image-preview:large, max-video-preview:-1\" \/>\n<link rel=\"canonical\" href=\"https:\/\/lacantinettaweb.com\/prodotto\/credo-xarel-lo-bianco-alt-penedes-2020-vino-biologico-fermo\/\" \/>\n<meta property=\"og:locale\" content=\"es_ES\" \/>\n<meta property=\"og:type\" content=\"article\" \/>\n<meta property=\"og:title\" content=\"Credo Xarel-lo Blanco Alt Pened\u00e9s 2020 Vino Biol\u00f3gico Fermo - La Cantinetta Web\" \/>\n<meta property=\"og:description\" content=\"El FC 2020 XAREL-LO Aloers BIO* de CREDO es un vino blanco seco procedente del Alt Pened\u00e9s, una zona renombrada por su vocaci\u00f3n vit\u00edcola. Este vino biol\u00f3gico nace de uvas cultivadas en el vi\u00f1edo La Pedra Blanca, en suelos calc\u00e1reos, y...\" \/>\n<meta property=\"og:url\" content=\"https:\/\/lacantinettaweb.com\/prodotto\/credo-xarel-lo-bianco-alt-penedes-2020-vino-biologico-fermo\/\" \/>\n<meta property=\"og:site_name\" content=\"La Cantinetta Web\" \/>\n<meta property=\"article:modified_time\" content=\"2026-08-05T12:41:15+00:00\" \/>\n<meta property=\"og:image\" content=\"https:\/\/lacantinettaweb.com\/wp-content\/uploads\/2025\/10\/VESPCREXAA20.jpg\" \/>\n\t<meta property=\"og:image:width\" content=\"800\" \/>\n\t<meta property=\"og:image:height\" content=\"976\" \/>\n\t<meta property=\"og:image:type\" content=\"image\/jpeg\" \/>\n<meta name=\"twitter:card\" content=\"summary_large_image\" \/>\n<meta name=\"twitter:label1\" content=\"Tiempo de lectura\" \/>\n\t<meta name=\"twitter:data1\" content=\"1 minuto\" \/>\n<script type=\"application\/ld+json\" class=\"yoast-schema-graph\">{\"@context\":\"https:\\\/\\\/schema.org\",\"@graph\":[{\"@type\":\"WebPage\",\"@id\":\"https:\\\/\\\/lacantinettaweb.com\\\/prodotto\\\/credo-xarel-lo-bianco-alt-penedes-2020-vino-biologico-fermo\\\/\",\"url\":\"https:\\\/\\\/lacantinettaweb.com\\\/prodotto\\\/credo-xarel-lo-bianco-alt-penedes-2020-vino-biologico-fermo\\\/\",\"name\":\"Credo Xarel-lo Blanco Alt Pened\u00e9s 2020 Vino Biol\u00f3gico Fermo - La Cantinetta Web\",\"isPartOf\":{\"@id\":\"https:\\\/\\\/lacantinettaweb.com\\\/#website\"},\"primaryImageOfPage\":{\"@id\":\"https:\\\/\\\/lacantinettaweb.com\\\/prodotto\\\/credo-xarel-lo-bianco-alt-penedes-2020-vino-biologico-fermo\\\/#primaryimage\"},\"image\":{\"@id\":\"https:\\\/\\\/lacantinettaweb.com\\\/prodotto\\\/credo-xarel-lo-bianco-alt-penedes-2020-vino-biologico-fermo\\\/#primaryimage\"},\"thumbnailUrl\":\"https:\\\/\\\/lacantinettaweb.com\\\/wp-content\\\/uploads\\\/2025\\\/10\\\/VESPCREXAA20.jpg\",\"datePublished\":\"2025-06-23T12:46:49+00:00\",\"dateModified\":\"2026-08-05T12:41:15+00:00\",\"breadcrumb\":{\"@id\":\"https:\\\/\\\/lacantinettaweb.com\\\/prodotto\\\/credo-xarel-lo-bianco-alt-penedes-2020-vino-biologico-fermo\\\/#breadcrumb\"},\"inLanguage\":\"es\",\"potentialAction\":[{\"@type\":\"ReadAction\",\"target\":[\"https:\\\/\\\/lacantinettaweb.com\\\/prodotto\\\/credo-xarel-lo-bianco-alt-penedes-2020-vino-biologico-fermo\\\/\"]}]},{\"@type\":\"ImageObject\",\"inLanguage\":\"es\",\"@id\":\"https:\\\/\\\/lacantinettaweb.com\\\/prodotto\\\/credo-xarel-lo-bianco-alt-penedes-2020-vino-biologico-fermo\\\/#primaryimage\",\"url\":\"https:\\\/\\\/lacantinettaweb.com\\\/wp-content\\\/uploads\\\/2025\\\/10\\\/VESPCREXAA20.jpg\",\"contentUrl\":\"https:\\\/\\\/lacantinettaweb.com\\\/wp-content\\\/uploads\\\/2025\\\/10\\\/VESPCREXAA20.jpg\",\"width\":800,\"height\":976},{\"@type\":\"BreadcrumbList\",\"@id\":\"https:\\\/\\\/lacantinettaweb.com\\\/prodotto\\\/credo-xarel-lo-bianco-alt-penedes-2020-vino-biologico-fermo\\\/#breadcrumb\",\"itemListElement\":[{\"@type\":\"ListItem\",\"position\":1,\"name\":\"Home\",\"item\":\"https:\\\/\\\/lacantinettaweb.com\\\/es\\\/\"},{\"@type\":\"ListItem\",\"position\":2,\"name\":\"Tienda\",\"item\":\"https:\\\/\\\/lacantinettaweb.com\\\/shop\\\/\"},{\"@type\":\"ListItem\",\"position\":3,\"name\":\"Credo Xarel-lo Blanco Alt Pened\u00e9s 2020 Vino Biol\u00f3gico Fermo\"}]},{\"@type\":\"WebSite\",\"@id\":\"https:\\\/\\\/lacantinettaweb.com\\\/#website\",\"url\":\"https:\\\/\\\/lacantinettaweb.com\\\/\",\"name\":\"La Cantinetta Web\",\"description\":\"Enoteca Online di Vini e Box Degustazione\",\"potentialAction\":[{\"@type\":\"SearchAction\",\"target\":{\"@type\":\"EntryPoint\",\"urlTemplate\":\"https:\\\/\\\/lacantinettaweb.com\\\/?s={search_term_string}\"},\"query-input\":{\"@type\":\"PropertyValueSpecification\",\"valueRequired\":true,\"valueName\":\"search_term_string\"}}],\"inLanguage\":\"es\"}]}<\/script>\n<!-- \/ Yoast SEO plugin. -->","yoast_head_json":{"title":"Credo Xarel-lo Blanco Alt Pened\u00e9s 2020 Vino Biol\u00f3gico Fermo - La Cantinetta Web","robots":{"index":"index","follow":"follow","max-snippet":"max-snippet:-1","max-image-preview":"max-image-preview:large","max-video-preview":"max-video-preview:-1"},"canonical":"https:\/\/lacantinettaweb.com\/prodotto\/credo-xarel-lo-bianco-alt-penedes-2020-vino-biologico-fermo\/","og_locale":"es_ES","og_type":"article","og_title":"Credo Xarel-lo Blanco Alt Pened\u00e9s 2020 Vino Biol\u00f3gico Fermo - La Cantinetta Web","og_description":"El FC 2020 XAREL-LO Aloers BIO* de CREDO es un vino blanco seco procedente del Alt Pened\u00e9s, una zona renombrada por su vocaci\u00f3n vit\u00edcola. Este vino biol\u00f3gico nace de uvas cultivadas en el vi\u00f1edo La Pedra Blanca, en suelos calc\u00e1reos, y...","og_url":"https:\/\/lacantinettaweb.com\/prodotto\/credo-xarel-lo-bianco-alt-penedes-2020-vino-biologico-fermo\/","og_site_name":"La Cantinetta Web","article_modified_time":"2026-08-05T12:41:15+00:00","og_image":[{"width":800,"height":976,"url":"https:\/\/lacantinettaweb.com\/wp-content\/uploads\/2025\/10\/VESPCREXAA20.jpg","type":"image\/jpeg"}],"twitter_card":"summary_large_image","twitter_misc":{"Tiempo de lectura":"1 minuto"},"schema":{"@context":"https:\/\/schema.org","@graph":[{"@type":"WebPage","@id":"https:\/\/lacantinettaweb.com\/prodotto\/credo-xarel-lo-bianco-alt-penedes-2020-vino-biologico-fermo\/","url":"https:\/\/lacantinettaweb.com\/prodotto\/credo-xarel-lo-bianco-alt-penedes-2020-vino-biologico-fermo\/","name":"Credo Xarel-lo Blanco Alt Pened\u00e9s 2020 Vino Biol\u00f3gico Fermo - La Cantinetta Web","isPartOf":{"@id":"https:\/\/lacantinettaweb.com\/#website"},"primaryImageOfPage":{"@id":"https:\/\/lacantinettaweb.com\/prodotto\/credo-xarel-lo-bianco-alt-penedes-2020-vino-biologico-fermo\/#primaryimage"},"image":{"@id":"https:\/\/lacantinettaweb.com\/prodotto\/credo-xarel-lo-bianco-alt-penedes-2020-vino-biologico-fermo\/#primaryimage"},"thumbnailUrl":"https:\/\/lacantinettaweb.com\/wp-content\/uploads\/2025\/10\/VESPCREXAA20.jpg","datePublished":"2025-06-23T12:46:49+00:00","dateModified":"2026-08-05T12:41:15+00:00","breadcrumb":{"@id":"https:\/\/lacantinettaweb.com\/prodotto\/credo-xarel-lo-bianco-alt-penedes-2020-vino-biologico-fermo\/#breadcrumb"},"inLanguage":"es","potentialAction":[{"@type":"ReadAction","target":["https:\/\/lacantinettaweb.com\/prodotto\/credo-xarel-lo-bianco-alt-penedes-2020-vino-biologico-fermo\/"]}]},{"@type":"ImageObject","inLanguage":"es","@id":"https:\/\/lacantinettaweb.com\/prodotto\/credo-xarel-lo-bianco-alt-penedes-2020-vino-biologico-fermo\/#primaryimage","url":"https:\/\/lacantinettaweb.com\/wp-content\/uploads\/2025\/10\/VESPCREXAA20.jpg","contentUrl":"https:\/\/lacantinettaweb.com\/wp-content\/uploads\/2025\/10\/VESPCREXAA20.jpg","width":800,"height":976},{"@type":"BreadcrumbList","@id":"https:\/\/lacantinettaweb.com\/prodotto\/credo-xarel-lo-bianco-alt-penedes-2020-vino-biologico-fermo\/#breadcrumb","itemListElement":[{"@type":"ListItem","position":1,"name":"Home","item":"https:\/\/lacantinettaweb.com\/es\/"},{"@type":"ListItem","position":2,"name":"Tienda","item":"https:\/\/lacantinettaweb.com\/shop\/"},{"@type":"ListItem","position":3,"name":"Credo Xarel-lo Blanco Alt Pened\u00e9s 2020 Vino Biol\u00f3gico Fermo"}]},{"@type":"WebSite","@id":"https:\/\/lacantinettaweb.com\/#website","url":"https:\/\/lacantinettaweb.com\/","name":"La Cantinetta Web","description":"Enoteca Online di Vini e Box Degustazione","potentialAction":[{"@type":"SearchAction","target":{"@type":"EntryPoint","urlTemplate":"https:\/\/lacantinettaweb.com\/?s={search_term_string}"},"query-input":{"@type":"PropertyValueSpecification","valueRequired":true,"valueName":"search_term_string"}}],"inLanguage":"es"}]}},"_links":{"self":[{"href":"https:\/\/lacantinettaweb.com\/es\/wp-json\/wp\/v2\/product\/100123","targetHints":{"allow":["GET"]}}],"collection":[{"href":"https:\/\/lacantinettaweb.com\/es\/wp-json\/wp\/v2\/product"}],"about":[{"href":"https:\/\/lacantinettaweb.com\/es\/wp-json\/wp\/v2\/types\/product"}],"replies":[{"embeddable":true,"href":"https:\/\/lacantinettaweb.com\/es\/wp-json\/wp\/v2\/comments?post=100123"}],"wp:featuredmedia":[{"embeddable":true,"href":"https:\/\/lacantinettaweb.com\/es\/wp-json\/wp\/v2\/media\/60637"}],"wp:attachment":[{"href":"https:\/\/lacantinettaweb.com\/es\/wp-json\/wp\/v2\/media?parent=100123"}],"wp:term":[{"taxonomy":"product_brand","embeddable":true,"href":"https:\/\/lacantinettaweb.com\/es\/wp-json\/wp\/v2\/product_brand?post=100123"},{"taxonomy":"product_cat","embeddable":true,"href":"https:\/\/lacantinettaweb.com\/es\/wp-json\/wp\/v2\/product_cat?post=100123"},{"taxonomy":"product_tag","embeddable":true,"href":"https:\/\/lacantinettaweb.com\/es\/wp-json\/wp\/v2\/product_tag?post=100123"}],"curies":[{"name":"wp","href":"https:\/\/api.w.org\/{rel}","templated":true}]}}